{"id":1214,"date":"2015-12-16T15:30:28","date_gmt":"2015-12-16T17:30:28","guid":{"rendered":"http:\/\/www.centronocaminhodaluz.com.br\/?page_id=1214"},"modified":"2015-12-16T15:30:28","modified_gmt":"2015-12-16T17:30:28","slug":"evangelho-no-lar","status":"publish","type":"page","link":"https:\/\/www.centronocaminhodaluz.com.br\/index.php\/evangelho-no-lar\/","title":{"rendered":"Evangelho No Lar"},"content":{"rendered":"<p>&#8220;Onde quer que se encontrem uma ou mais pessoas reunidas em meu nome, eu com elas estarei&#8221;.<\/p>\n<div align=\"right\">Jesus (Mateus, 18:20)<\/div>\n<div>\n<strong>O que \u00e9 o Culto do Evangelho no Lar<\/strong>Trata-se do estudo do Evangelho de Jesus em reuni\u00e3o familiar. O Culto do Evangelho no Lar, realizado no ambiente dom\u00e9stico, \u00e9 precioso empreendimento que traz diversos benef\u00edcios \u00e0s pessoas que o praticam.<\/p>\n<p>Permite ampla compreens\u00e3o dos ensinamentos de Jesus e a pr\u00e1tica destes, nos ambientes em que vivemos. Ampliando-se o conhecimento sobre o Evangelho, pode-se oferec\u00ea-lo com mais seguran\u00e7a a outras criaturas, colaborando-se para a implanta\u00e7\u00e3o do Reino de Deus na Terra.<\/p>\n<p>As pessoas, unidas por la\u00e7os consang\u00fc\u00edneos, compreender\u00e3o a necessidade da viv\u00eancia harmoniosa e, dentro de suas possibilidades, buscar\u00e3o, pouco a pouco, superar poss\u00edveis barreiras, desentendimentos e desajustes, que possam existir entre pais e filhos, c\u00f4njuges e irm\u00e3os.<\/p>\n<p>Atrav\u00e9s do estudo da reencarna\u00e7\u00e3o, compreender\u00e3o que, aqueles com quem dividem o teto, s\u00e3o esp\u00edritos irm\u00e3os, cujas tarefas individuais, muitas vezes, depender\u00e3o da conviv\u00eancia sadia no ambiente em que vieram a renascer.<\/p>\n<p>Aqueles que, desde cedo, t\u00eam suas vidas orientadas pela conduta Crist\u00e3, evitam, com mais facilidade, que os embri\u00f5es dos defeitos que est\u00e3o latentes em seus esp\u00edritos apare\u00e7am, sanando, desta forma, o mal antes que ele cres\u00e7a.<\/p>\n<p>Se, porventura, tend\u00eancias negativas aflorarem, apesar da orienta\u00e7\u00e3o desde a inf\u00e2ncia, encontrar\u00e3o seguros elementos morais para super\u00e1-las, porque os ensinamentos de Jesus tornam-se fortes alicerces para a sua supera\u00e7\u00e3o.<\/p>\n<p>Com o estudo do Evangelho de Jesus aprende-se a compreender e a conviver na fam\u00edlia humana.<\/p>\n<p>Assim, conscientes de que s\u00e3o esp\u00edritos devedores perante as Leis Universais, procuram conduzir-se dentro de atitudes exemplares, amando e perdoando, suportando e compreendendo os revezes da vida.<\/p>\n<p>Quando o Culto do Evangelho no Lar \u00e9 praticado fielmente \u00e0 data e ao hor\u00e1rio semanal estabelecidos, atrai-se para o conv\u00edvio dom\u00e9stico Esp\u00edritos Superiores, que orientam e amparam, estimulam e protegem a todos.<\/p>\n<p>A presen\u00e7a de Esp\u00edritos iluminados no Lar afasta aqueles de \u00edndole inferior, que desejam a desuni\u00e3o e a disc\u00f3rdia. O ambiente torna-se posto avan\u00e7ado da Luz, onde almas dedicadas ao Bem estar\u00e3o sempre presentes, quer encarnadas, quer desencarnadas.<\/p>\n<p>As pessoas habituadas \u00e0 ora\u00e7\u00e3o, ao estudo e \u00e0 viv\u00eancia crist\u00e3, tornam-se mais sens\u00edveis e pass\u00edveis \u00e0s inspira\u00e7\u00f5es dos Esp\u00edritos Mentores.<\/p><\/div>\n<div><\/div>\n<div><\/div>\n<div><strong>Procedimentos<\/strong>Escolhe-se um dia da semana e hora em que seja poss\u00edvel a presen\u00e7a de todos os familiares ou da maior parte deles, observando-se com rigor a sua const\u00e2ncia e pontualidade, para facilitar a assist\u00eancia espiritual.<\/p>\n<p>A dire\u00e7\u00e3o do Culto do Evangelho no Lar caber\u00e1 a um .dos c\u00f4njuges ou a pessoa que disponha de maiores conhecimentos doutrin\u00e1rios. Cabe lembrar, no entanto, que por se tratar de um estudo em grupo n\u00e3o \u00e9 necess\u00e1ria a presen\u00e7a de pessoas com cultura doutrin\u00e1ria. Na pureza dos ideais e na sinceridade das inten\u00e7\u00f5es, todos aprender\u00e3o juntos, auxiliando-se mutuamente.<br \/>\n\u00c9 importante que os temas sejam discutidos com a participa\u00e7\u00e3o de todos, na medida do poss\u00edvel, sem imposi\u00e7\u00f5es, para evitar-se constrangimentos.<\/p>\n<p>Deve-se buscar um ambiente amistoso, de respeito, pois, viver e falar com Jesus \u00e9 uma felicidade que n\u00e3o se deve desprezar.<br \/>\nAntes do in\u00edcio da reuni\u00e3o, prepara-se o local, colocando-se em cima da mesa \u00e1gua pura, em uma garrafa, para ser beneficiada pelos Benfeitores Espirituais, em nome de Jesus.<\/p><\/div>\n<div><\/div>\n<div><strong><span class=\"textoblue\">1. Leitura de uma mensagem<\/span><\/strong>A leitura inicial de uma mensagem poder\u00e1, ap\u00f3s, ser comentada ou n\u00e3o. Ela tem por objetivo propiciar um equil\u00edbrio emocional, procurando harmoniz\u00e1-lo com os ideais nobres da vida, a fim de facilitar melhor aproveitamento das li\u00e7\u00f5es.<\/p>\n<p>Poderemos lembrar obras com &#8220;Minuto de Sabedoria&#8221;, &#8220;P\u00e3o Nosso&#8221;, &#8220;Fonte Viva&#8221;, &#8220;Vinha de Luz&#8221;, &#8220;Caminho, Verdade e Vida&#8221;, &#8220;Palavras de Vida Eterna&#8221;, &#8220;Ement\u00e1rio Esp\u00edrita&#8221;, &#8220;Gloss\u00e1rio Esp\u00edrita Crist\u00e3o&#8221;.<\/p><\/div>\n<div><\/div>\n<div><\/div>\n<div><strong><span class=\"textoblue\">2. Prece Inicial<\/span><\/strong>&#8220;Dando curso ao salutar programa iniciado por Jesus, o de reunir-se com os disc\u00edpulos para os elevados cometimentos da comunh\u00e3o com Deus, mediante o exerc\u00edcio da conversa\u00e7\u00e3o edificante e da prece renovadora, os espiritistas devem reunir-se com regularidade e freq\u00fc\u00eancia para reviver, na prece e na a\u00e7\u00e3o nobilitante, o culto da fraternidade, em que se sustentem quando as for\u00e7as f\u00edsicas e morais estejam em deperecimento, para louvar e render gra\u00e7as ao Senhor por todas as suas concess\u00f5es, para suplicar merc\u00eas e socorros para si mesmos quanto para o pr\u00f3ximo, esteja este no c\u00edrculo da afetividade dom\u00e9stica e da consanguinidade, se encontre nas prova\u00e7\u00f5es redentoras ou se alongue pelas trilhas da imensa fam\u00edlia universal.&#8221;<\/p>\n<p>Ap\u00f3s a leitura da mensagem, inicia-se o Culto do Evangelho no Lar, com uma prece. A ora\u00e7\u00e3o deve ser proferida por um dos participantes, em tom de voz aud\u00edvel a todos os presentes e de forma simples e espont\u00e2nea, n\u00e3o devendo ser, portanto, decorada. Os demais, acompanham-no, seguindo a rogativa, frase por frase, repetindo,-mentalmente, em sil\u00eancio, cada express\u00e3o, a fim de imprimir o m\u00e1ximo ritmo e harmonia ao verbo, ao som e a id\u00e9ia, numa s\u00f3 vibra\u00e7\u00e3o.<\/p>\n<p>Na prece pode pedir-se o amparo de Deus para o lar onde o Evangelho est\u00e1 sendo estudado, para os presentes, seus parentes e amigos; para os enfermos, do corpo e da alma; para a paz na Terra; para os trabalhadores do Bem e etc.<\/p>\n<p>A prece, al\u00e9m de ligar o ser humano \u00e0 espiritualidade, traduz respeito pelo momento de estudo a realizar-se.<\/p><\/div>\n<div><\/div>\n<div><\/div>\n<div><strong><span class=\"textoblue\">3. Estudo do Evangelho de Jesus<\/span><\/strong>O estudo do Evangelho do Cristo, \u00e0 luz da Doutrina Esp\u00edrita &#8211; &#8220;O Evangelho segundo o Espiritismo&#8221;, de Allan Kardec &#8211; poder\u00e1 ser estudado de duas formas:<\/div>\n<blockquote><p>a) estudo em seq\u00fc\u00eancia &#8211; o estudo met\u00f3dico, em pequenas partes, permite o conhecimento gradual e ordenado dos ensinamentos que o livro encerra. Ap\u00f3s o seu t\u00e9rmino, volta-se, novamente, ao cap\u00edtulo inicial;<br \/>\nb) estudo ao acaso &#8211; consiste na abertura, ao acaso, de &#8220;O Evangelho segundo o Espiritismo&#8221;, o que ensejar\u00e1, tamb\u00e9m, li\u00e7\u00f5es oportunas, em qualquer ocasi\u00e3o.<\/p><\/blockquote>\n<div>Os coment\u00e1rios devem envolver o trecho lido, buscando-se alcan\u00e7ar a ess\u00eancia dos ensinamentos de Jesus, real\u00e7ando-se a necessidade da sua aplica\u00e7\u00e3o na vida di\u00e1ria.<\/p>\n<p>Pode reservar-se, posteriormente, um momento de palavra livre, onde os participantes da reuni\u00e3o exponham situa\u00e7\u00f5es da vida pr\u00e1tica, para o melhor entendimento e fixa\u00e7\u00e3o das li\u00e7\u00f5es.<strong><span class=\"textoblue\">4. Prece de agradecimento<\/span><\/strong>Um dos presentes far\u00e1 uma prece, agradecendo as b\u00ean\u00e7\u00e3os recebidas no Culto do Evangelho no Lar, pela paz, pelas li\u00e7\u00f5es recebidas etc.<\/p>\n<p><strong>Observa\u00e7\u00f5es<\/strong><\/div>\n<div align=\"justify\">A dura\u00e7\u00e3o do Culto do Evangelho no Lar \u00e9 em m\u00e9dia de 30 minutos podendo chegar a at\u00e9 1 (uma) hora, mais ou menos.<\/div>\n<div align=\"justify\">No Culto do Evangelho no Lar deve ser evitada manifesta\u00e7\u00f5es medi\u00fanicas. A sua finalidade b\u00e1sica \u00e9 o estudo do Evangelho de Jesus, para o aprendizado Crist\u00e3o, a fim de que seus participantes melhor se conduzam na jornada terrena. Os casos de mediunidade indisciplinada devem ser encaminhados a uma sociedade esp\u00edrita id\u00f4nea.<\/div>\n<div align=\"justify\">Deve-se evitar compara\u00e7\u00f5es ou coment\u00e1rios que desmere\u00e7am pessoas ou religi\u00f5es. No Evangelho busca-se a aquisi\u00e7\u00e3o de valores maiores, tais como a benevol\u00eancia e a caridade, a compreens\u00e3o e a humildade, n\u00e3o cabendo, dessa forma, qualquer conversa\u00e7\u00e3o menos edificante.<\/div>\n<div align=\"justify\">A realiza\u00e7\u00e3o do Culto do Evangelho no Lar n\u00e3o deve ser suspensa em virtude de visitas inesperadas. Dever\u00e1 ser esclarecido o assunto com delicadeza e franqueza, convidando-se o visitante a participar do Culto, caso lhe aprouver.<\/div>\n<div align=\"justify\">O Culto do Evangelho no Lar n\u00e3o deve ser prejudicado, tamb\u00e9m, em virtude de solicita\u00e7\u00f5es sem urg\u00eancia, recados inoportunos, passeios, festividades de qualquer ordem. Solu\u00e7\u00f5es razo\u00e1veis, de imediato, ou iniciativas, ap\u00f4s a reuni\u00e3o, deve ser o caminho para superar os pretensos impedimentos.<\/div>\n<div align=\"justify\">Somente no caso de situa\u00e7\u00f5es incontorn\u00e1veis, em que todos n\u00e3o possam estar presentes, \u00e9 que se justifica a n\u00e3o realiza\u00e7\u00e3o do Culto do Evangelho no Lar.<\/div>\n<div align=\"justify\">Evite-se ligar r\u00e1dio ou televis\u00e3o no dia do Culto, pr\u00f3ximo e depois da hora de sua realiza\u00e7\u00e3o, bem como a leitura de jornais ou obras sem car\u00e1ter edificante, para que se mantenha um ambiente vibrat\u00f3rio de paz e tranq\u00fcilidade dentro do Lar, bem como sa\u00eddas \u00e0 rua, sen\u00e3o para inevit\u00e1veis e inadi\u00e1veis compromissos.<\/div>\n<div><strong>Presen\u00e7a de crian\u00e7a no Culto<\/strong><br \/>\nAs crian\u00e7as devem, tamb\u00e9m, participar do Culto do Evangelho no Lar. Nesses casos, os adultos descer\u00e3o os coment\u00e1rios ao n\u00edvel de entendimento delas.<\/div>\n<div>Recomenda-se a leitura, como subs\u00eddio, dos cap\u00edtulos 35 e 36 da obra &#8220;Os Mensageiros&#8221;, do Esp\u00edrito Andr\u00e9 Luiz, e &#8220;Evangelho em Casa&#8221;, do Esp\u00edrito Meimei, psicografadas pelo m\u00e9dium Francisco C\u00e2ndido Xavier e editadas pela Federa\u00e7\u00e3o Esp\u00edrita Brasileira.<\/div>\n<div class=\"pvc_clear\"><\/div>\n<p id=\"pvc_stats_1214\" class=\"pvc_stats all  \" data-element-id=\"1214\" style=\"\"><i class=\"pvc-stats-icon medium\" aria-hidden=\"true\"><svg aria-hidden=\"true\" focusable=\"false\" data-prefix=\"far\" data-icon=\"chart-bar\" role=\"img\" xmlns=\"http:\/\/www.w3.org\/2000\/svg\" viewBox=\"0 0 512 512\" class=\"svg-inline--fa fa-chart-bar fa-w-16 fa-2x\"><path fill=\"currentColor\" d=\"M396.8 352h22.4c6.4 0 12.8-6.4 12.8-12.8V108.8c0-6.4-6.4-12.8-12.8-12.8h-22.4c-6.4 0-12.8 6.4-12.8 12.8v230.4c0 6.4 6.4 12.8 12.8 12.8zm-192 0h22.4c6.4 0 12.8-6.4 12.8-12.8V140.8c0-6.4-6.4-12.8-12.8-12.8h-22.4c-6.4 0-12.8 6.4-12.8 12.8v198.4c0 6.4 6.4 12.8 12.8 12.8zm96 0h22.4c6.4 0 12.8-6.4 12.8-12.8V204.8c0-6.4-6.4-12.8-12.8-12.8h-22.4c-6.4 0-12.8 6.4-12.8 12.8v134.4c0 6.4 6.4 12.8 12.8 12.8zM496 400H48V80c0-8.84-7.16-16-16-16H16C7.16 64 0 71.16 0 80v336c0 17.67 14.33 32 32 32h464c8.84 0 16-7.16 16-16v-16c0-8.84-7.16-16-16-16zm-387.2-48h22.4c6.4 0 12.8-6.4 12.8-12.8v-70.4c0-6.4-6.4-12.8-12.8-12.8h-22.4c-6.4 0-12.8 6.4-12.8 12.8v70.4c0 6.4 6.4 12.8 12.8 12.8z\" class=\"\"><\/path><\/svg><\/i> <img decoding=\"async\" width=\"16\" height=\"16\" alt=\"Loading\" data-src=\"https:\/\/www.centronocaminhodaluz.com.br\/wp-content\/plugins\/page-views-count\/ajax-loader-2x.gif\" border=0 src=\"data:image\/svg+xml;base64,PHN2ZyB3aWR0aD0iMSIgaGVpZ2h0PSIxIiB4bWxucz0iaHR0cDovL3d3dy53My5vcmcvMjAwMC9zdmciPjwvc3ZnPg==\" class=\"lazyload\" style=\"--smush-placeholder-width: 16px; --smush-placeholder-aspect-ratio: 16\/16;\" \/><\/p>\n<div class=\"pvc_clear\"><\/div>\n","protected":false},"excerpt":{"rendered":"<p>&#8220;Onde quer que se encontrem uma ou mais pessoas reunidas em meu nome, eu com elas estarei&#8221;. Jesus (Mateus, 18:20) O que \u00e9 o Culto do Evangelho no LarTrata-se do estudo do Evangelho de Jesus em reuni\u00e3o familiar. O Culto do Evangelho no Lar, realizado no ambiente dom\u00e9stico, \u00e9 precioso empreendimento que traz diversos benef\u00edcios&hellip; <br \/> <a class=\"read-more\" href=\"https:\/\/www.centronocaminhodaluz.com.br\/index.php\/evangelho-no-lar\/\">Leia mais<\/a><\/p>\n<div class=\"pvc_clear\"><\/div>\n<p id=\"pvc_stats_1214\" class=\"pvc_stats all  \" data-element-id=\"1214\" style=\"\"><i class=\"pvc-stats-icon medium\" aria-hidden=\"true\"><svg aria-hidden=\"true\" focusable=\"false\" data-prefix=\"far\" data-icon=\"chart-bar\" role=\"img\" xmlns=\"http:\/\/www.w3.org\/2000\/svg\" viewBox=\"0 0 512 512\" class=\"svg-inline--fa fa-chart-bar fa-w-16 fa-2x\"><path fill=\"currentColor\" d=\"M396.8 352h22.4c6.4 0 12.8-6.4 12.8-12.8V108.8c0-6.4-6.4-12.8-12.8-12.8h-22.4c-6.4 0-12.8 6.4-12.8 12.8v230.4c0 6.4 6.4 12.8 12.8 12.8zm-192 0h22.4c6.4 0 12.8-6.4 12.8-12.8V140.8c0-6.4-6.4-12.8-12.8-12.8h-22.4c-6.4 0-12.8 6.4-12.8 12.8v198.4c0 6.4 6.4 12.8 12.8 12.8zm96 0h22.4c6.4 0 12.8-6.4 12.8-12.8V204.8c0-6.4-6.4-12.8-12.8-12.8h-22.4c-6.4 0-12.8 6.4-12.8 12.8v134.4c0 6.4 6.4 12.8 12.8 12.8zM496 400H48V80c0-8.84-7.16-16-16-16H16C7.16 64 0 71.16 0 80v336c0 17.67 14.33 32 32 32h464c8.84 0 16-7.16 16-16v-16c0-8.84-7.16-16-16-16zm-387.2-48h22.4c6.4 0 12.8-6.4 12.8-12.8v-70.4c0-6.4-6.4-12.8-12.8-12.8h-22.4c-6.4 0-12.8 6.4-12.8 12.8v70.4c0 6.4 6.4 12.8 12.8 12.8z\" class=\"\"><\/path><\/svg><\/i> <img decoding=\"async\" width=\"16\" height=\"16\" alt=\"Loading\" data-src=\"https:\/\/www.centronocaminhodaluz.com.br\/wp-content\/plugins\/page-views-count\/ajax-loader-2x.gif\" border=0 src=\"data:image\/svg+xml;base64,PHN2ZyB3aWR0aD0iMSIgaGVpZ2h0PSIxIiB4bWxucz0iaHR0cDovL3d3dy53My5vcmcvMjAwMC9zdmciPjwvc3ZnPg==\" class=\"lazyload\" style=\"--smush-placeholder-width: 16px; --smush-placeholder-aspect-ratio: 16\/16;\" \/><\/p>\n<div class=\"pvc_clear\"><\/div>\n","protected":false},"author":1,"featured_media":0,"parent":0,"menu_order":9,"comment_status":"Closed","ping_status":"closed","template":"","meta":{"footnotes":""},"class_list":["post-1214","page","type-page","status-publish","hentry"],"a3_pvc":{"activated":true,"total_views":32603,"today_views":1},"_links":{"self":[{"href":"https:\/\/www.centronocaminhodaluz.com.br\/index.php\/wp-json\/wp\/v2\/pages\/1214","targetHints":{"allow":["GET"]}}],"collection":[{"href":"https:\/\/www.centronocaminhodaluz.com.br\/index.php\/wp-json\/wp\/v2\/pages"}],"about":[{"href":"https:\/\/www.centronocaminhodaluz.com.br\/index.php\/wp-json\/wp\/v2\/types\/page"}],"author":[{"embeddable":true,"href":"https:\/\/www.centronocaminhodaluz.com.br\/index.php\/wp-json\/wp\/v2\/users\/1"}],"replies":[{"embeddable":true,"href":"https:\/\/www.centronocaminhodaluz.com.br\/index.php\/wp-json\/wp\/v2\/comments?post=1214"}],"version-history":[{"count":0,"href":"https:\/\/www.centronocaminhodaluz.com.br\/index.php\/wp-json\/wp\/v2\/pages\/1214\/revisions"}],"wp:attachment":[{"href":"https:\/\/www.centronocaminhodaluz.com.br\/index.php\/wp-json\/wp\/v2\/media?parent=1214"}],"curies":[{"name":"wp","href":"https:\/\/api.w.org\/{rel}","templated":true}]}}