{"id":12468,"date":"2015-12-29T09:46:54","date_gmt":"2015-12-29T11:46:54","guid":{"rendered":"http:\/\/www.centronocaminhodaluz.com.br\/?page_id=12468"},"modified":"2015-12-29T10:01:18","modified_gmt":"2015-12-29T12:01:18","slug":"datas-espiritas","status":"publish","type":"page","link":"https:\/\/www.centronocaminhodaluz.com.br\/index.php\/datas-espiritas\/","title":{"rendered":"Datas Esp\u00edritas"},"content":{"rendered":"<table style=\"height: 5614px;\" width=\"816\" align=\"center\">\n<tbody>\n<tr>\n<td><span class=\"conteudostitulo\">Datas Esp\u00edritas<\/span><\/td>\n<\/tr>\n<tr>\n<td>\n<blockquote>\n<p align=\"left\"><strong><span style=\"color: #000000;\"><u>Janeiro<\/u><\/span><\/strong><\/p>\n<table border=\"0\" width=\"100%\">\n<tbody>\n<tr>\n<td align=\"center\" width=\"14%\">\n<p align=\"center\"><strong><span style=\"color: #000000;\">Data<\/span><\/strong><\/p>\n<\/td>\n<td width=\"86%\">\n<p align=\"center\">\u00a0<strong><span style=\"color: #000000;\">Fato Hist\u00f3rico<\/span><\/strong><\/p>\n<\/td>\n<\/tr>\n<tr>\n<td align=\"center\" width=\"14%\">\n<p align=\"center\"><span style=\"color: #000000;\">01\/01\/1848<\/span><\/p>\n<\/td>\n<td width=\"86%\"><strong><span style=\"color: #000000;\">\u00c9 Fundada a Revista Esp\u00edrita por Allan Kardec<\/span><\/strong><\/td>\n<\/tr>\n<tr>\n<td align=\"center\" width=\"14%\"><span style=\"color: #000000;\">01\/01\/1846<\/span><\/td>\n<td width=\"86%\"><span style=\"color: #000000;\">Nasce Le\u00f3n Denis &#8211; Fil\u00f3sofo do Espiritismo<\/span><\/td>\n<\/tr>\n<tr>\n<td align=\"center\" width=\"14%\"><span style=\"color: #000000;\">01\/01\/1875<\/span><\/td>\n<td width=\"86%\"><span style=\"color: #000000;\">Publicada a Primeira Folha Esp\u00edrita do Rio de Janeiro<\/span><\/td>\n<\/tr>\n<tr>\n<td align=\"center\" width=\"14%\"><span style=\"color: #000000;\">02\/01\/1884<\/span><\/td>\n<td width=\"86%\"><span style=\"color: #000000;\">Eleita e empossada a primeira diretoria da FEB (Federa\u00e7\u00e3o Esp\u00edrita Brasileira)<\/span><\/td>\n<\/tr>\n<tr>\n<td align=\"center\" width=\"14%\"><span style=\"color: #000000;\">02\/01\/1984<\/span><\/td>\n<td width=\"86%\"><span style=\"color: #000000;\">\u00c9 instalada em Bras\u00edlia a sede central da FEB<\/span><\/td>\n<\/tr>\n<tr>\n<td align=\"center\" width=\"14%\"><span style=\"color: #000000;\">03\/01\/1412<\/span><\/td>\n<td width=\"86%\"><span style=\"color: #000000;\">Nasce Joana D&#8217;Arc na Fran\u00e7a<\/span><\/td>\n<\/tr>\n<tr>\n<td align=\"center\" width=\"14%\"><span style=\"color: #000000;\">06\/01\/1868<\/span><\/td>\n<td width=\"86%\"><span style=\"color: #000000;\">Primeira Edi\u00e7\u00e3o de A G\u00eanese de Kardec \u00e9 colocada \u00e0 venda<\/span><\/td>\n<\/tr>\n<tr>\n<td align=\"center\" width=\"14%\"><span style=\"color: #000000;\">08\/01\/1958<\/span><\/td>\n<td width=\"86%\"><span style=\"color: #000000;\">\u00c9 fundada no Rio de Janeiro o Lar Fabiano de Cristo, por Jayme Rolemberg e Carlos Pastorino<\/span><\/td>\n<\/tr>\n<tr>\n<td align=\"center\" width=\"14%\"><span style=\"color: #000000;\">09\/01\/1862<\/span><\/td>\n<td width=\"86%\"><span style=\"color: #000000;\">Nasce em G\u00eanova, It\u00e1lia, o doutor Ernesto Bozzano.<\/span><\/td>\n<\/tr>\n<tr>\n<td align=\"center\" width=\"14%\"><span style=\"color: #000000;\">09\/01\/1977<\/span><\/td>\n<td width=\"86%\"><span style=\"color: #000000;\">\u00c9 criada a Caravana da Fraternidade de J\u00e9sus Gon\u00e7alves em favor dos hansenianos, em SP<\/span><\/td>\n<\/tr>\n<tr>\n<td align=\"center\" width=\"14%\"><span style=\"color: #000000;\">10\/01\/1969<\/span><\/td>\n<td width=\"86%\"><span style=\"color: #000000;\">Desencarna\u00e7\u00e3o da m\u00e9dium Zilda Gama com 91 anos de idade<\/span><\/td>\n<\/tr>\n<tr>\n<td align=\"center\" width=\"14%\"><span style=\"color: #000000;\">10\/01\/1868<\/span><\/td>\n<td width=\"86%\"><span style=\"color: #000000;\">Nasce em Paris, Hubert Forestier &#8211; Diretor da Sociedade Parisiense de Estudos Esp\u00edritas<\/span><\/td>\n<\/tr>\n<tr>\n<td align=\"center\" width=\"14%\"><span style=\"color: #000000;\">11\/01\/1971<\/span><\/td>\n<td width=\"86%\"><span style=\"color: #000000;\">Desencarna o m\u00e9dium Jos\u00e9 Pedro de Freitas, o Z\u00e9 Arig\u00f3, em acidente automobil\u00edstico.<\/span><\/td>\n<\/tr>\n<tr>\n<td align=\"center\" width=\"14%\"><span style=\"color: #000000;\">12\/01\/1746<\/span><\/td>\n<td width=\"86%\"><span style=\"color: #000000;\">Nasce em Zurique, Su\u00ed\u00e7a, Jo\u00e3o Henrique Pestalozzi, educador de Allan Kardec.<\/span><\/td>\n<\/tr>\n<tr>\n<td align=\"center\" width=\"14%\"><span style=\"color: #000000;\">13\/01\/1968<\/span><\/td>\n<td width=\"86%\"><span style=\"color: #000000;\">Funda\u00e7\u00e3o da Associa\u00e7\u00e3o de M\u00e9dicos Esp\u00edritas de S\u00e3o Paulo<\/span><\/td>\n<\/tr>\n<tr>\n<td align=\"center\" width=\"14%\"><span style=\"color: #000000;\">14\/01\/1942<\/span><\/td>\n<td width=\"86%\"><span style=\"color: #000000;\">Desencarna Ant\u00f4nio Jos\u00e9 Trindade, um dos fundadores da Fed. Esp\u00edrita de SP<\/span><\/td>\n<\/tr>\n<tr>\n<td align=\"center\" width=\"14%\"><span style=\"color: #000000;\">15\/01\/1861<\/span><\/td>\n<td width=\"86%\"><strong><span style=\"color: #000000;\">Lan\u00e7ada a primeira edi\u00e7\u00e3o de O Livro dos M\u00e9diuns, de Allan Kardec<\/span><\/strong><\/td>\n<\/tr>\n<tr>\n<td align=\"center\" width=\"14%\"><span style=\"color: #000000;\">16\/01\/1916<\/span><\/td>\n<td width=\"86%\"><span style=\"color: #000000;\">Fundada a Federa\u00e7\u00e3o Esp\u00edrita Paraibana<\/span><\/td>\n<\/tr>\n<tr>\n<td align=\"center\" width=\"14%\"><span style=\"color: #000000;\">17\/01\/1901<\/span><\/td>\n<td width=\"86%\"><span style=\"color: #000000;\">Nasce no Maranh\u00e3o, Luiz Ol\u00edmpio Guillon Ribeiro, foi presidente da FEB<\/span><\/td>\n<\/tr>\n<tr>\n<td align=\"center\" width=\"14%\"><span style=\"color: #000000;\">18\/01\/1969<\/span><\/td>\n<td width=\"86%\"><span style=\"color: #000000;\">Desencarna no RJ, Ismael Gomes Braga, Jornalista ativo no movimento esp\u00edrita<\/span><\/td>\n<\/tr>\n<tr>\n<td align=\"center\" width=\"14%\"><span style=\"color: #000000;\">20\/01\/1919<\/span><\/td>\n<td width=\"86%\"><span style=\"color: #000000;\">Desencarna em S\u00e3o Paulo, An\u00e1lia Em\u00edlia Franco<\/span><\/td>\n<\/tr>\n<tr>\n<td align=\"center\" width=\"14%\"><span style=\"color: #000000;\">21\/01\/1883<\/span><\/td>\n<td width=\"86%\"><span style=\"color: #000000;\">Fundada a revista &#8220;O Reformador&#8221;<\/span><\/td>\n<\/tr>\n<tr>\n<td align=\"center\" width=\"14%\"><span style=\"color: #000000;\">22\/01\/1909<\/span><\/td>\n<td width=\"86%\"><span style=\"color: #000000;\">Desencarna Ant\u00f4nio Gon\u00e7alves da Silva Batu\u00edra, m\u00e9dium de cura<\/span><\/td>\n<\/tr>\n<tr>\n<td align=\"center\" width=\"14%\"><span style=\"color: #000000;\">23\/01\/1906<\/span><\/td>\n<td width=\"86%\"><span style=\"color: #000000;\">Nasce Deolindo Amorim em Baixada Grande, Bahia<\/span><\/td>\n<\/tr>\n<tr>\n<td align=\"center\" width=\"14%\"><span style=\"color: #000000;\">27\/01\/1995<\/span><\/td>\n<td width=\"86%\"><span style=\"color: #000000;\">Divaldo Pereira Franco \u00e9 inclu\u00eddo no quadro de vultos art\u00edsticos e hist\u00f3ricos da Bahia<\/span><\/td>\n<\/tr>\n<tr>\n<td align=\"center\" width=\"14%\"><span style=\"color: #000000;\">28\/01\/1995<\/span><\/td>\n<td width=\"86%\"><span style=\"color: #000000;\">Desencarna na Espanha Miguel Vives, fundador da Federacion Esp\u00edrita Del Valles<\/span><\/td>\n<\/tr>\n<tr>\n<td align=\"center\" width=\"14%\"><span style=\"color: #000000;\">30\/01\/1938<\/span><\/td>\n<td width=\"86%\"><span style=\"color: #000000;\">Desencarna em Mat\u00e3o, S\u00e3o Paulo, Cairbar de Souza Schutel<\/span><\/td>\n<\/tr>\n<tr>\n<td align=\"center\" width=\"14%\"><span style=\"color: #000000;\">30\/01\/1907<\/span><\/td>\n<td width=\"86%\"><span style=\"color: #000000;\">Fundado o Col\u00e9gio Allan kardec, por Eur\u00edpedes Barsanulfo, em Sacramento, MG<\/span><\/td>\n<\/tr>\n<\/tbody>\n<\/table>\n<p><strong><span style=\"color: #000000;\"><u>Fevereiro<\/u><\/span><\/strong><\/p>\n<table border=\"0\" width=\"100%\">\n<tbody>\n<tr>\n<td align=\"center\" width=\"15%\" height=\"53\"><strong><span style=\"color: #000000;\">Data<\/span><\/strong><\/td>\n<td align=\"center\" width=\"85%\" height=\"53\"><strong><span style=\"color: #000000;\">Evento Hist\u00f3rico<\/span><\/strong><\/td>\n<\/tr>\n<tr>\n<td align=\"center\" width=\"15%\" height=\"32\"><span style=\"color: #000000;\">01\/02\/1905<\/span><\/td>\n<td width=\"85%\" height=\"32\"><span style=\"color: #000000;\">Nasce em Pacatuba, Cear\u00e1, Francisco Peixoto Lins, o Peixotinho, m\u00e9dium de efeitos f\u00edsicos.<\/span><\/td>\n<\/tr>\n<tr>\n<td align=\"center\" width=\"15%\" height=\"16\"><span style=\"color: #000000;\">01\/02\/1834<\/span><\/td>\n<td width=\"85%\" height=\"16\"><span style=\"color: #000000;\">Nasce em Laranjeiras, na ent\u00e3o prov\u00edncia de Sergipe, Francisco Leite de Bittencourt Sampaio.<\/span><\/td>\n<\/tr>\n<tr>\n<td align=\"center\" width=\"15%\" height=\"32\"><span style=\"color: #000000;\">01\/02\/1856<\/span><\/td>\n<td width=\"85%\" height=\"32\"><span style=\"color: #000000;\">Nasce em Resende, Rio de Janeiro, An\u00e1lia Em\u00edlia Franco, professora humanit\u00e1ria, criadora de in\u00fameras obras educativas e assistenciais.<\/span><\/td>\n<\/tr>\n<tr>\n<td align=\"center\" width=\"15%\" height=\"16\"><span style=\"color: #000000;\">06\/02\/1915<\/span><\/td>\n<td width=\"85%\" height=\"16\"><span style=\"color: #000000;\">Desencarna no Rio de Janeiro, Joaquim Carlos Travassos, tradutor do pentateuco kardequiano.<\/span><\/td>\n<\/tr>\n<tr>\n<td align=\"center\" width=\"15%\" height=\"16\"><span style=\"color: #000000;\">06\/02\/1832<\/span><\/td>\n<td width=\"85%\" height=\"16\"><strong><span style=\"color: #000000;\">Casamento de Allan Kardec com Am\u00e9lie Boudet.<\/span><\/strong><\/td>\n<\/tr>\n<tr>\n<td align=\"center\" width=\"15%\" height=\"16\"><span style=\"color: #000000;\">07\/02\/1901<\/span><\/td>\n<td width=\"85%\" height=\"16\"><span style=\"color: #000000;\">Desencarna em Natal, Rio Grande do Norte, a poetisa Auta de Souza.<\/span><\/td>\n<\/tr>\n<tr>\n<td align=\"center\" width=\"15%\" height=\"16\"><span style=\"color: #000000;\">12\/02\/1809<\/span><\/td>\n<td width=\"85%\" height=\"16\"><span style=\"color: #000000;\">Abraham Lincoln, presidente dos Estados Unidos, realiza reuni\u00f5es medi\u00fanicas na Casa Branca.<\/span><\/td>\n<\/tr>\n<tr>\n<td align=\"center\" width=\"15%\" height=\"16\"><span style=\"color: #000000;\">15\/02\/1926<\/span><\/td>\n<td width=\"85%\" height=\"16\"><span style=\"color: #000000;\">Desencarna Gabriel Delanne.<\/span><\/td>\n<\/tr>\n<tr>\n<td align=\"center\" width=\"15%\" height=\"20\"><span style=\"color: #000000;\">15\/02\/1925<\/span><\/td>\n<td width=\"85%\" height=\"20\"><span style=\"color: #000000;\">Lan\u00e7amento da Revista Internacional de Espiritismo &#8211; RIE, por Cairbar Schutel, em Mat\u00e3o, SP.<\/span><\/td>\n<\/tr>\n<tr>\n<td align=\"center\" width=\"15%\" height=\"19\"><span style=\"color: #000000;\">16\/02\/1947<\/span><\/td>\n<td width=\"85%\" height=\"19\"><span style=\"color: #000000;\">Desencarna em Pirapitingui, S\u00e3o Paulo, J\u00e9sus Gon\u00e7alves. Contraiu hansen\u00edase aos 27 anos &#8211; foi poeta, teatr\u00f3logo, tendo se convertido ao Espiritismo e fundado a Sociedade Santo Agostinho.<\/span><\/td>\n<\/tr>\n<tr>\n<td align=\"center\" width=\"15%\" height=\"19\"><span style=\"color: #000000;\">17\/02\/1827<\/span><\/td>\n<td width=\"85%\" height=\"19\"><span style=\"color: #000000;\">Desencarna Jo\u00e3o Henrique Pestalozzi, na Su\u00ed\u00e7a.<\/span><\/td>\n<\/tr>\n<tr>\n<td align=\"center\" width=\"15%\" height=\"19\"><span style=\"color: #000000;\">18\/02\/1891<\/span><\/td>\n<td width=\"85%\" height=\"19\"><span style=\"color: #000000;\">Bezerra de Menezes funda o Grupo Esp\u00edrita Regenera\u00e7\u00e3o, no Rio de Janeiro.<\/span><\/td>\n<\/tr>\n<tr>\n<td align=\"center\" width=\"15%\" height=\"19\"><span style=\"color: #000000;\">20\/02\/1822<\/span><\/td>\n<td width=\"85%\" height=\"19\"><span style=\"color: #000000;\">Desencarna em Salvador, Madre Joana Ang\u00e9lica de Jesus (Joanna de \u00c2ngelis).<\/span><\/td>\n<\/tr>\n<tr>\n<td align=\"center\" width=\"15%\" height=\"19\"><span style=\"color: #000000;\">26\/02\/1842<\/span><\/td>\n<td width=\"85%\" height=\"19\"><span style=\"color: #000000;\">Nasce Camille Flammarion.<\/span><\/td>\n<\/tr>\n<tr>\n<td align=\"center\" width=\"15%\" height=\"19\"><span style=\"color: #000000;\">26\/02\/1802<\/span><\/td>\n<td width=\"85%\" height=\"19\"><span style=\"color: #000000;\">Nasce em Paris, Fran\u00e7a, o escritor e humanista Victor Hugo.<\/span><\/td>\n<\/tr>\n<\/tbody>\n<\/table>\n<p><strong><span style=\"color: #000000;\"><u>Mar\u00e7o<\/u><\/span><\/strong><\/p>\n<table border=\"0\" width=\"100%\">\n<tbody>\n<tr>\n<td align=\"center\" width=\"15%\" height=\"53\"><strong><span style=\"color: #000000;\">Data<\/span><\/strong><\/td>\n<td align=\"center\" width=\"85%\" height=\"53\"><strong><span style=\"color: #000000;\">Evento Hist\u00f3rico<\/span><\/strong><\/td>\n<\/tr>\n<tr>\n<td align=\"center\" width=\"16%\"><span style=\"color: #000000;\">01\/03\/1944<\/span><\/td>\n<td width=\"84%\"><span style=\"color: #000000;\">\u00c9 lan\u00e7ado o jornal O Semeador, em S\u00e3o Paulo, \u00f3rg\u00e3o da FEESP.<\/span><\/td>\n<\/tr>\n<tr>\n<td align=\"center\" width=\"16%\"><span style=\"color: #000000;\">06\/03\/1932<\/span><\/td>\n<td width=\"84%\"><span style=\"color: #000000;\">\u00c9 fundada a Associa\u00e7\u00e3o das Senhoras Crist\u00e3s de Ara\u00e7atuba, pela em\u00e9rita esp\u00edrita Benedita Fernandes.<\/span><\/td>\n<\/tr>\n<tr>\n<td align=\"center\" width=\"16%\"><span style=\"color: #000000;\">09\/03\/1979<\/span><\/td>\n<td width=\"84%\"><span style=\"color: #000000;\">Desencarna Jos\u00e9 Herculano Pires.<\/span><\/td>\n<\/tr>\n<tr>\n<td align=\"center\" width=\"16%\"><span style=\"color: #000000;\">09\/03\/1984<\/span><\/td>\n<td width=\"84%\"><span style=\"color: #000000;\">Desencarna Yvone do Amaral Pereira<\/span><\/td>\n<\/tr>\n<tr>\n<td align=\"center\" width=\"16%\"><span style=\"color: #000000;\">19\/03\/1839<\/span><\/td>\n<td width=\"84%\"><span style=\"color: #000000;\">Nasce em Portugal, Ant\u00f4nio Gon\u00e7alves da Silva Batu\u00edra, m\u00e9dium curador.<\/span><\/td>\n<\/tr>\n<tr>\n<td align=\"center\" width=\"16%\"><span style=\"color: #000000;\">20\/03\/1833<\/span><\/td>\n<td width=\"84%\"><span style=\"color: #000000;\">Nasce na Inglaterra, Daniel Dunglas Home, considerado maior m\u00e9dium de efeitos f\u00edsicos.<\/span><\/td>\n<\/tr>\n<tr>\n<td align=\"center\" width=\"16%\"><span style=\"color: #000000;\">22\/03\/1882<\/span><\/td>\n<td width=\"84%\"><span style=\"color: #000000;\">O livro &#8220;A G\u00eanese&#8221;, de Allan Kardec, \u00e9 editado pela primeira vez em l\u00edngua portuguesa.<\/span><\/td>\n<\/tr>\n<tr>\n<td align=\"center\" width=\"16%\"><span style=\"color: #000000;\">23\/03\/1857<\/span><\/td>\n<td width=\"84%\"><span style=\"color: #000000;\">Nasce Gabriel Delanne.<\/span><\/td>\n<\/tr>\n<tr>\n<td align=\"center\" width=\"16%\"><span style=\"color: #000000;\">31\/03\/1848<\/span><\/td>\n<td width=\"84%\"><span style=\"color: #000000;\">Os fen\u00f4menos em Hydesville (EUA) atingem o auge, envolvendo a fam\u00edlia Fox, dando in\u00edcio a in\u00fameras investiga\u00e7\u00f5es sobre a mediunidade.<\/span><\/td>\n<\/tr>\n<tr>\n<td align=\"center\" width=\"16%\"><strong><span style=\"color: #000000;\">31\/03\/1869<\/span><\/strong><\/td>\n<td width=\"84%\"><strong><span style=\"color: #000000;\">Desencarna Allan Kardec, v\u00edtima da ruptura de um aneurisma.<\/span><\/strong><\/td>\n<\/tr>\n<\/tbody>\n<\/table>\n<p><strong><span style=\"color: #000000;\"><u>Abril<\/u><\/span><\/strong><\/p>\n<table border=\"0\" width=\"100%\">\n<tbody>\n<tr>\n<td align=\"center\" width=\"15%\" height=\"53\"><strong><span style=\"color: #000000;\">Data<\/span><\/strong><\/td>\n<td align=\"center\" width=\"85%\" height=\"53\"><strong><span style=\"color: #000000;\">Evento Hist\u00f3rico<\/span><\/strong><\/td>\n<\/tr>\n<tr>\n<td align=\"center\" width=\"16%\"><span style=\"color: #000000;\">01\/04\/1858<\/span><\/td>\n<td width=\"84%\"><strong><span style=\"color: #000000;\">\u00c9 fundada a Sociedade Parisiense de Estudos Esp\u00edritas, por Allan Kardec.<\/span><\/strong><\/td>\n<\/tr>\n<tr>\n<td align=\"center\" width=\"16%\"><strong><span style=\"color: #000000;\">02\/04\/1869<\/span><\/strong><\/td>\n<td width=\"84%\"><strong><span style=\"color: #000000;\">Allan Kardec \u00e9 sepultado no Cemit\u00e9rio de Montmartre.<\/span><\/strong><\/td>\n<\/tr>\n<tr>\n<td align=\"center\" width=\"16%\"><span style=\"color: #000000;\">02\/04\/1910<\/span><\/td>\n<td width=\"84%\"><span style=\"color: #000000;\">Nasce Francisco C\u00e2ndido Xavier, em Pedro Leopoldo, MG.<\/span><\/td>\n<\/tr>\n<tr>\n<td align=\"center\" width=\"16%\"><span style=\"color: #000000;\">04\/04\/1919<\/span><\/td>\n<td width=\"84%\"><span style=\"color: #000000;\">Desencarna Willian Crookes, estudioso ingl\u00eas dos fen\u00f4menos esp\u00edritas.<\/span><\/td>\n<\/tr>\n<tr>\n<td align=\"center\" width=\"16%\"><span style=\"color: #000000;\">11\/04\/1900<\/span><\/td>\n<td width=\"84%\"><span style=\"color: #000000;\">Desencarna no Rio de Janeiro, Bezerra de Menezes.<\/span><\/td>\n<\/tr>\n<tr>\n<td align=\"center\" width=\"16%\"><span style=\"color: #000000;\">12\/04\/1927<\/span><\/td>\n<td width=\"84%\"><span style=\"color: #000000;\">Desencarna L\u00e9on Denis.<\/span><\/td>\n<\/tr>\n<tr>\n<td align=\"center\" width=\"16%\"><strong><span style=\"color: #000000;\">15\/04\/1864<\/span><\/strong><\/td>\n<td width=\"84%\"><strong><span style=\"color: #000000;\">Lan\u00e7ado por Allan Kardec &#8220;O Evangelho Segundo o Espiritismo&#8221;<\/span><\/strong><\/td>\n<\/tr>\n<tr>\n<td align=\"center\" width=\"16%\"><strong><span style=\"color: #000000;\">18\/04\/1857<\/span><\/strong><\/td>\n<td width=\"84%\"><strong><span style=\"color: #000000;\">Lan\u00e7ado O Livro dos Esp\u00edritos, de Allan Kardec.<\/span><\/strong><\/td>\n<\/tr>\n<tr>\n<td align=\"center\" width=\"16%\"><span style=\"color: #000000;\">14\/04\/1999<\/span><\/td>\n<td width=\"84%\"><span style=\"color: #000000;\">\u00c9 institu\u00eddo o &#8220;Dia do Consolador&#8221;<\/span><\/td>\n<\/tr>\n<tr>\n<td align=\"center\" width=\"16%\"><span style=\"color: #000000;\">18\/04\/1974<\/span><\/td>\n<td width=\"84%\"><span style=\"color: #000000;\">\u00c9 lan\u00e7ado o jornal &#8220;Folha Esp\u00edrita&#8221;<\/span><\/td>\n<\/tr>\n<tr>\n<td align=\"center\" width=\"16%\"><span style=\"color: #000000;\">21\/04\/1889<\/span><\/td>\n<td width=\"84%\"><span style=\"color: #000000;\">Foi fundado no Rio de Janeiro, o Centro Esp\u00edrita do Brasil, sendo seu primeiro presidente Adolfo Bezerra de Menezes, que instalou a primeira escola de m\u00e9diuns junto com Augusto Elias da Silva.<\/span><\/td>\n<\/tr>\n<tr>\n<td align=\"center\" width=\"16%\"><span style=\"color: #000000;\">22\/04\/1904<\/span><\/td>\n<td width=\"84%\"><span style=\"color: #000000;\">Desencarna Florence Cook, a m\u00e9dium de materializa\u00e7\u00f5es do Esp\u00edrito Katie King.<\/span><\/td>\n<\/tr>\n<tr>\n<td align=\"center\" width=\"16%\"><span style=\"color: #000000;\">24\/04\/1984<\/span><\/td>\n<td width=\"84%\"><span style=\"color: #000000;\">Desencarna no Rio de Janeiro, o jornalista Deolindo Amorim.<\/span><\/td>\n<\/tr>\n<tr>\n<td align=\"center\" width=\"16%\"><strong><span style=\"color: #000000;\">30\/04\/1856<\/span><\/strong><\/td>\n<td width=\"84%\"><strong><span style=\"color: #000000;\">\u00c9 transmitida a Allan Kardec a primeira revela\u00e7\u00e3o medi\u00fanica a respeito da sua miss\u00e3o<\/span><\/strong><\/td>\n<\/tr>\n<\/tbody>\n<\/table>\n<p><strong><span style=\"color: #000000;\"><u>Maio<\/u><\/span><\/strong><\/p>\n<table border=\"0\" width=\"100%\">\n<tbody>\n<tr>\n<td align=\"center\" width=\"15%\" height=\"53\"><strong><span style=\"color: #000000;\">Data<\/span><\/strong><\/td>\n<td align=\"center\" width=\"85%\" height=\"53\"><strong><span style=\"color: #000000;\">Evento Hist\u00f3rico<\/span><\/strong><\/td>\n<\/tr>\n<tr>\n<td align=\"center\" width=\"16%\"><span style=\"color: #000000;\">01\/05\/1864<\/span><\/td>\n<td width=\"84%\"><span style=\"color: #000000;\">O Clero coloca as obras esp\u00edritas no \u00edndice de livros proibidos<\/span><\/td>\n<\/tr>\n<tr>\n<td align=\"center\" width=\"16%\"><span style=\"color: #000000;\">01\/05\/1880<\/span><\/td>\n<td width=\"84%\"><span style=\"color: #000000;\">Nasce em Sacramento, MG, Eur\u00edpedes Barsanulfo<\/span><\/td>\n<\/tr>\n<tr>\n<td align=\"center\" width=\"16%\"><span style=\"color: #000000;\">05\/05\/1927<\/span><\/td>\n<td width=\"84%\"><span style=\"color: #000000;\">Nasce em Feira de Santana, BA, Divaldo Pereira Franco<\/span><\/td>\n<\/tr>\n<tr>\n<td align=\"center\" width=\"16%\"><span style=\"color: #000000;\">07\/05\/1878<\/span><\/td>\n<td width=\"84%\"><span style=\"color: #000000;\">Nasce em Piracicaba, SP, Pedro de Camargo (Vin\u00edcius)<\/span><\/td>\n<\/tr>\n<tr>\n<td align=\"center\" width=\"16%\"><span style=\"color: #000000;\">07\/05\/1934<\/span><\/td>\n<td width=\"84%\"><span style=\"color: #000000;\">A FEB \u00e9 considerada de utilidade p\u00fablica pelo decreto lei 4.765.<\/span><\/td>\n<\/tr>\n<tr>\n<td align=\"center\" width=\"16%\"><span style=\"color: #000000;\">08\/05\/1952<\/span><\/td>\n<td width=\"84%\"><span style=\"color: #000000;\">Nos Estados Unidos, teve in\u00edcio o periodismo esp\u00edrita mundial, quando foi publicada a primeira folha espiritista: &#8220;The Spiritual Telegraph&#8221;<\/span><\/td>\n<\/tr>\n<tr>\n<td align=\"center\" width=\"16%\"><span style=\"color: #000000;\">22\/05\/1885<\/span><\/td>\n<td width=\"84%\"><span style=\"color: #000000;\">Desencarna Victor Hugo<\/span><\/td>\n<\/tr>\n<tr>\n<td align=\"center\" width=\"16%\"><span style=\"color: #000000;\">22\/05\/1932<\/span><\/td>\n<td width=\"84%\"><span style=\"color: #000000;\">Mo\u00e7os esp\u00edritas se reuniram em S\u00e3o Paulo e no Centro Esp\u00edrita Maria de Nazareth constitu\u00edram o primeiro n\u00facleo de mocidades esp\u00edritas do Brasil<\/span><\/td>\n<\/tr>\n<tr>\n<td align=\"center\" width=\"16%\"><span style=\"color: #000000;\">27\/05\/1832<\/span><\/td>\n<td width=\"84%\"><span style=\"color: #000000;\">Nasce em S\u00e3o Petersburgo, R\u00fassia, o cientista Alexander N. Aksakof, esp\u00edrita e diretor de dois jornais de estudos ps\u00edquicos<\/span><\/td>\n<\/tr>\n<tr>\n<td align=\"center\" width=\"16%\"><span style=\"color: #000000;\">30\/05\/1431<\/span><\/td>\n<td width=\"84%\"><span style=\"color: #000000;\">Joana D\u00b4Arc \u00e9 sacrificada na fogueira pela Inquisi\u00e7\u00e3o<\/span><\/td>\n<\/tr>\n<\/tbody>\n<\/table>\n<p><strong><span style=\"color: #000000;\"><u>Junho<\/u><\/span><\/strong><\/p>\n<table border=\"0\" width=\"100%\">\n<tbody>\n<tr>\n<td align=\"center\" width=\"15%\" height=\"53\"><strong><span style=\"color: #000000;\">Data<\/span><\/strong><\/td>\n<td align=\"center\" width=\"85%\" height=\"53\"><strong><span style=\"color: #000000;\">Evento Hist\u00f3rico<\/span><\/strong><\/td>\n<\/tr>\n<tr>\n<td align=\"center\" width=\"16%\"><span style=\"color: #000000;\">03\/06\/1925<\/span><\/td>\n<td width=\"84%\"><span style=\"color: #000000;\">Desencarna Camille Flammarion<\/span><\/td>\n<\/tr>\n<tr>\n<td align=\"center\" width=\"16%\"><span style=\"color: #000000;\">12\/06\/1902<\/span><\/td>\n<td width=\"84%\"><span style=\"color: #000000;\">Nasce J\u00e9sus Gon\u00e7alves, chamado de O Gigante Deitado, em Borebi, S\u00e3o Paulo.<\/span><\/td>\n<\/tr>\n<tr>\n<td align=\"center\" width=\"16%\"><span style=\"color: #000000;\">14\/06\/1902<\/span><\/td>\n<td width=\"84%\"><span style=\"color: #000000;\">Desencarna a m\u00e9dium Linda Gazera, em Turim, It\u00e1lia.<\/span><\/td>\n<\/tr>\n<tr>\n<td align=\"center\" width=\"16%\"><span style=\"color: #000000;\">16\/06\/1966<\/span><\/td>\n<td width=\"84%\"><span style=\"color: #000000;\">Desencarna Peixotinho<\/span><\/td>\n<\/tr>\n<tr>\n<td align=\"center\" width=\"16%\"><span style=\"color: #000000;\">17\/06\/1832<\/span><\/td>\n<td width=\"84%\"><span style=\"color: #000000;\">Nasce o cientista William Crookes em Londres Inglaterra, que receberia o pr\u00eamio Nobel de f\u00edsica. Ficou famoso pelas pesquisas sobre materializa\u00e7\u00e3o de esp\u00edritos<\/span><\/td>\n<\/tr>\n<tr>\n<td align=\"center\" width=\"16%\"><span style=\"color: #000000;\">24\/06\/1943<\/span><\/td>\n<td width=\"84%\"><span style=\"color: #000000;\">Desencarna Ernesto Bozzano<\/span><\/td>\n<\/tr>\n<tr>\n<td align=\"center\" width=\"16%\"><span style=\"color: #000000;\">26\/06\/1890<\/span><\/td>\n<td width=\"84%\"><span style=\"color: #000000;\">Nasce a m\u00e9dium Linda Gazera em Roma, It\u00e1lia<\/span><\/td>\n<\/tr>\n<tr>\n<td align=\"center\" width=\"16%\"><span style=\"color: #000000;\">28\/06\/1972<\/span><\/td>\n<td width=\"84%\"><span style=\"color: #000000;\">Francisco C\u00e2ndido Xavier responde a perguntas de alunos do Col\u00e9gio Militar do Rio de Janeiro<\/span><\/td>\n<\/tr>\n<tr>\n<td align=\"center\" width=\"16%\"><strong><span style=\"color: #000000;\">30\/06\/2002<\/span><\/strong><\/td>\n<td width=\"84%\"><strong><span style=\"color: #000000;\">Desencarna Chico Xavier, o maior m\u00e9dium esp\u00edrita do Brasil, O mineiro do s\u00e9culo<\/span><\/strong><\/td>\n<\/tr>\n<\/tbody>\n<\/table>\n<p><strong><span style=\"color: #000000;\"><u>Julho<\/u><\/span><\/strong><\/p>\n<table border=\"0\" width=\"100%\">\n<tbody>\n<tr>\n<td align=\"center\" width=\"15%\" height=\"53\"><strong><span style=\"color: #000000;\">Data<\/span><\/strong><\/td>\n<td align=\"center\" width=\"85%\" height=\"53\"><strong><span style=\"color: #000000;\">Evento Hist\u00f3rico<\/span><\/strong><\/td>\n<\/tr>\n<tr>\n<td align=\"center\" width=\"16%\"><span style=\"color: #000000;\">04\/07\/1948<\/span><\/td>\n<td width=\"84%\"><span style=\"color: #000000;\">Desencarna Monteiro Lobato<\/span><\/td>\n<\/tr>\n<tr>\n<td align=\"center\" width=\"16%\"><span style=\"color: #000000;\">14\/07\/1942<\/span><\/td>\n<td width=\"84%\"><span style=\"color: #000000;\">Desencarna na cidade de Salvador, Manuel Philomeo de Miranda<\/span><\/td>\n<\/tr>\n<tr>\n<td align=\"center\" width=\"16%\"><span style=\"color: #000000;\">30\/07\/1932<\/span><\/td>\n<td width=\"84%\"><span style=\"color: #000000;\">Funda\u00e7\u00e3o, em Juiz de Fora, Minas Gerais, da revista &#8220;O M\u00e9dium&#8221;<\/span><\/td>\n<\/tr>\n<\/tbody>\n<\/table>\n<p><strong><span style=\"color: #000000;\"><u>Agosto<\/u><\/span><\/strong><\/p>\n<table border=\"0\" width=\"100%\">\n<tbody>\n<tr>\n<td align=\"center\" width=\"15%\" height=\"53\"><strong><span style=\"color: #000000;\">Data<\/span><\/strong><\/td>\n<td align=\"center\" width=\"85%\" height=\"53\"><strong><span style=\"color: #000000;\">Evento Hist\u00f3rico<\/span><\/strong><\/td>\n<\/tr>\n<tr>\n<td align=\"center\" width=\"16%\"><strong><span style=\"color: #000000;\">01\/08\/1865<\/span><\/strong><\/td>\n<td width=\"84%\"><strong><span style=\"color: #000000;\">\u00c9 lan\u00e7ada a obra O C\u00e9u e o Inferno, de Allan Kardec<\/span><\/strong><\/td>\n<\/tr>\n<tr>\n<td align=\"center\" width=\"16%\"><span style=\"color: #000000;\">02\/08\/1873<\/span><\/td>\n<td width=\"84%\"><span style=\"color: #000000;\">Fundado no RJ, o Grupo Conf\u00facio, primeira entidade jur\u00eddica do Espiritismo no Brasil<\/span><\/td>\n<\/tr>\n<tr>\n<td align=\"center\" width=\"16%\"><span style=\"color: #000000;\">03\/08\/1895<\/span><\/td>\n<td width=\"84%\"><span style=\"color: #000000;\">Bezerra de Menezes assume a presid\u00eancia da Federa\u00e7\u00e3o Esp\u00edrita Brasileira<\/span><\/td>\n<\/tr>\n<tr>\n<td align=\"center\" width=\"16%\"><span style=\"color: #000000;\">04\/08\/1969<\/span><\/td>\n<td width=\"84%\"><span style=\"color: #000000;\">Desencarna em Niter\u00f3i, Carlos Imbassahy<\/span><\/td>\n<\/tr>\n<tr>\n<td align=\"center\" width=\"16%\"><span style=\"color: #000000;\">15\/08\/1952<\/span><\/td>\n<td width=\"84%\"><span style=\"color: #000000;\">Inaugurada a Mans\u00e3o do Caminho, em Salavador, BA<\/span><\/td>\n<\/tr>\n<tr>\n<td align=\"center\" width=\"16%\"><span style=\"color: #000000;\">16\/08\/1886<\/span><\/td>\n<td width=\"84%\"><span style=\"color: #000000;\">Bezerra de Menezes, durante uma confer\u00eancia que pronunciava, exp\u00f5e publicamente pela primeira vez sua f\u00e9 no Espiritismo<\/span><\/td>\n<\/tr>\n<tr>\n<td align=\"center\" width=\"16%\"><span style=\"color: #000000;\">19\/08\/1936<\/span><\/td>\n<td width=\"84%\"><span style=\"color: #000000;\">Lan\u00e7ado o 1\u00ba programa esp\u00edrita radiof\u00f4nico do Brasil, por Cairbar Schutel, em Araraquara, SP<\/span><\/td>\n<\/tr>\n<tr>\n<td align=\"center\" width=\"16%\"><span style=\"color: #000000;\">28\/08\/1912<\/span><\/td>\n<td width=\"84%\"><span style=\"color: #000000;\">Em Esplanada, BA, nasce Urbano de Assis Xavier, m\u00e9dium de materializa\u00e7\u00f5es e curas<\/span><\/td>\n<\/tr>\n<tr>\n<td align=\"center\" width=\"16%\"><span style=\"color: #000000;\">29\/08\/1831<\/span><\/td>\n<td width=\"84%\"><span style=\"color: #000000;\">Nasce no Cear\u00e1, na Freguesia de Riacho de Sangue, Bezerra de Menezes<\/span><\/td>\n<\/tr>\n<\/tbody>\n<\/table>\n<p><strong><span style=\"color: #000000;\"><u>Setembro<\/u><\/span><\/strong><\/p>\n<table border=\"0\" width=\"100%\">\n<tbody>\n<tr>\n<td align=\"center\" width=\"15%\" height=\"53\"><strong><span style=\"color: #000000;\">Data<\/span><\/strong><\/td>\n<td align=\"center\" width=\"85%\" height=\"53\"><strong><span style=\"color: #000000;\">Evento Hist\u00f3rico<\/span><\/strong><\/td>\n<\/tr>\n<tr>\n<td align=\"center\" width=\"16%\"><span style=\"color: #000000;\">04\/09\/1991<\/span><\/td>\n<td width=\"84%\"><span style=\"color: #000000;\">Desencarna Jo\u00e3o Nunes Maia<\/span><\/td>\n<\/tr>\n<tr>\n<td align=\"center\" width=\"16%\"><span style=\"color: #000000;\">05\/09\/1892<\/span><\/td>\n<td width=\"84%\"><span style=\"color: #000000;\">Desencarna Willian Stainton Moses, m\u00e9dium de efeitos f\u00edsicos<\/span><\/td>\n<\/tr>\n<tr>\n<td align=\"center\" width=\"16%\"><span style=\"color: #000000;\">06\/09\/1881<\/span><\/td>\n<td width=\"84%\"><span style=\"color: #000000;\">Realiza-se o 1\u00ba Congresso Esp\u00edrita do Brasil<\/span><\/td>\n<\/tr>\n<tr>\n<td align=\"center\" width=\"16%\"><span style=\"color: #000000;\">08\/09\/1886<\/span><\/td>\n<td width=\"84%\"><span style=\"color: #000000;\">\u00c9 realizado o 1\u00ba Congresso Esp\u00edrita Internacional, em Barcelona, Espanha<\/span><\/td>\n<\/tr>\n<tr>\n<td align=\"center\" width=\"16%\"><span style=\"color: #000000;\">09\/09\/1932<\/span><\/td>\n<td width=\"84%\"><span style=\"color: #000000;\">Fundada a Federa\u00e7\u00e3o Esp\u00edrita do Estado de Sergipe<\/span><\/td>\n<\/tr>\n<tr>\n<td align=\"center\" width=\"16%\"><span style=\"color: #000000;\">22\/09\/1868<\/span><\/td>\n<td width=\"84%\"><span style=\"color: #000000;\">Nasce no Rio de Janeiro, Cairbar de Souza Schutel<\/span><\/td>\n<\/tr>\n<tr>\n<td align=\"center\" width=\"16%\"><span style=\"color: #000000;\">25\/09\/1914<\/span><\/td>\n<td width=\"84%\"><span style=\"color: #000000;\">Nasce em Avar\u00e9, SP, Jos\u00e9 Herculano Pires<\/span><\/td>\n<\/tr>\n<\/tbody>\n<\/table>\n<p><strong><span style=\"color: #000000;\"><u>Outubro<\/u><\/span><\/strong><\/p>\n<table border=\"0\" width=\"100%\">\n<tbody>\n<tr>\n<td align=\"center\" width=\"15%\" height=\"53\"><strong><span style=\"color: #000000;\">Data<\/span><\/strong><\/td>\n<td align=\"center\" width=\"85%\" height=\"53\"><strong><span style=\"color: #000000;\">Evento Hist\u00f3rico<\/span><\/strong><\/td>\n<\/tr>\n<tr>\n<td align=\"center\" width=\"16%\"><strong><span style=\"color: #000000;\">03\/10\/1804<\/span><\/strong><\/td>\n<td width=\"84%\"><strong><span style=\"color: #000000;\">Nasce, na Fran\u00e7a, Hippolyte L\u00e9on Denizard Rivail, mais tarde conhecido como Allan Kardec, codificador do Espiritismo<\/span><\/strong><\/td>\n<\/tr>\n<tr>\n<td align=\"center\" width=\"16%\"><span style=\"color: #000000;\">05\/10\/1949<\/span><\/td>\n<td width=\"84%\"><span style=\"color: #000000;\">\u00c9 assinado, na FEB &#8211; Federa\u00e7\u00e3o Esp\u00edrita Brasileira, o Pacto \u00c1ureo, criando o Conselho Federativo Nacional do movimento esp\u00edrita<\/span><\/td>\n<\/tr>\n<tr>\n<td align=\"center\" width=\"16%\"><strong><span style=\"color: #000000;\">09\/10\/1861<\/span><\/strong><\/td>\n<td width=\"84%\"><strong><span style=\"color: #000000;\">Em Barcelona, Espanha, s\u00e3o queimadas 300 obras (volumes) esp\u00edritas pela Inquisi\u00e7\u00e3o, num auto de f\u00e9<\/span><\/strong><\/td>\n<\/tr>\n<tr>\n<td align=\"center\" width=\"16%\"><span style=\"color: #000000;\">10\/10\/1895<\/span><\/td>\n<td width=\"84%\"><span style=\"color: #000000;\">Desencarna no Rio de Janeiro, Bittencourt Sampaio, not\u00e1vel m\u00e9dium receitista<\/span><\/td>\n<\/tr>\n<tr>\n<td align=\"center\" width=\"16%\"><span style=\"color: #000000;\">11\/10\/1966<\/span><\/td>\n<td width=\"84%\"><span style=\"color: #000000;\">Desencarna Pedro de Camargo (Vin\u00edcius)<\/span><\/td>\n<\/tr>\n<tr>\n<td align=\"center\" width=\"16%\"><span style=\"color: #000000;\">18\/10\/1943<\/span><\/td>\n<td width=\"84%\"><span style=\"color: #000000;\">Desencarna no Rio de Janeiro, Luiz Ol\u00edmpio Guillon Ribeiro<\/span><\/td>\n<\/tr>\n<tr>\n<td align=\"center\" width=\"16%\"><span style=\"color: #000000;\">22\/10\/1922<\/span><\/td>\n<td width=\"84%\"><span style=\"color: #000000;\">Reencarna, em Mateus Leme, MG, Irma de Castro Rocha, mais conhecida por Meimei<\/span><\/td>\n<\/tr>\n<\/tbody>\n<\/table>\n<p><strong><span style=\"color: #000000;\"><u>Novembro<\/u><\/span><\/strong><\/p>\n<table border=\"0\" width=\"100%\">\n<tbody>\n<tr>\n<td align=\"center\" width=\"15%\" height=\"53\"><strong><span style=\"color: #000000;\">Data<\/span><\/strong><\/td>\n<td align=\"center\" width=\"85%\" height=\"53\"><strong><span style=\"color: #000000;\">Evento Hist\u00f3rico<\/span><\/strong><\/td>\n<\/tr>\n<tr>\n<td align=\"center\" width=\"16%\"><span style=\"color: #000000;\">01\/11\/1918<\/span><\/td>\n<td width=\"84%\"><span style=\"color: #000000;\">Desencarna em Sacramento, MG, Eur\u00edpedes Barsanulfo<\/span><\/td>\n<\/tr>\n<tr>\n<td align=\"center\" width=\"16%\"><span style=\"color: #000000;\">06\/11\/1835<\/span><\/td>\n<td width=\"84%\"><span style=\"color: #000000;\">Nasce em Verona, It\u00e1lia, C\u00e9sar Lombroso<\/span><\/td>\n<\/tr>\n<tr>\n<td align=\"center\" width=\"16%\"><span style=\"color: #000000;\">10\/11\/1923<\/span><\/td>\n<td width=\"84%\"><span style=\"color: #000000;\">Nasce o m\u00e9dium Jo\u00e3o Nunes Maia<\/span><\/td>\n<\/tr>\n<tr>\n<td align=\"center\" width=\"16%\"><span style=\"color: #000000;\">10\/11\/1835<\/span><\/td>\n<td width=\"84%\"><span style=\"color: #000000;\">Nasce em Sevilha, Espanha, Am\u00e1lia Domingo Soler<\/span><\/td>\n<\/tr>\n<tr>\n<td align=\"center\" width=\"16%\"><span style=\"color: #000000;\">14\/11\/1849<\/span><\/td>\n<td width=\"84%\"><span style=\"color: #000000;\">As irm\u00e3s Fox realizam as primeiras demonstra\u00e7\u00f5es em p\u00fablico de suas faculdades medi\u00fanicas<\/span><\/td>\n<\/tr>\n<tr>\n<td align=\"center\" width=\"16%\"><span style=\"color: #000000;\">14\/11\/1876<\/span><\/td>\n<td width=\"84%\"><span style=\"color: #000000;\">Nasce na Bahia, Manoel Philomeno de Miranda<\/span><\/td>\n<\/tr>\n<tr>\n<td align=\"center\" width=\"16%\"><span style=\"color: #000000;\">15\/11\/1839<\/span><\/td>\n<td width=\"84%\"><span style=\"color: #000000;\">Tem in\u00edcio o 1\u00ba Congresso Brasileiro de Jornalistas Esp\u00edritas, no Rio de janeiro<\/span><\/td>\n<\/tr>\n<tr>\n<td align=\"center\" width=\"16%\"><span style=\"color: #000000;\">22\/11\/1904<\/span><\/td>\n<td width=\"84%\"><span style=\"color: #000000;\">\u00c9 descoberto em Hydesville, EUA, nos escombros de uma adega, o esqueleto do mascate ali assassinado, comprovando a mediunidade das irm\u00e3s Fox<\/span><\/td>\n<\/tr>\n<tr>\n<td align=\"center\" width=\"16%\"><span style=\"color: #000000;\">15\/11\/1942<\/span><\/td>\n<td width=\"84%\"><span style=\"color: #000000;\">Surge em Franca, SP, o jornal Nova Era<\/span><\/td>\n<\/tr>\n<tr>\n<td align=\"center\" width=\"16%\"><span style=\"color: #000000;\">20\/11\/1919<\/span><\/td>\n<td width=\"84%\"><span style=\"color: #000000;\">Desencarna Francisco Raimundo Ewerton Quadros, primeiro presidente da FEB<\/span><\/td>\n<\/tr>\n<tr>\n<td align=\"center\" width=\"16%\"><strong><span style=\"color: #000000;\">23\/11\/1795<\/span><\/strong><\/td>\n<td width=\"84%\"><strong><span style=\"color: #000000;\">Nasce Am\u00e9lie Gabrielle Boudet, esposa de Allan Kardec<\/span><\/strong><\/td>\n<\/tr>\n<tr>\n<td align=\"center\" width=\"16%\"><span style=\"color: #000000;\">29\/11\/1982<\/span><\/td>\n<td width=\"84%\"><span style=\"color: #000000;\">Desencarna em S\u00e3o Paulo, Edgard Armond<\/span><\/td>\n<\/tr>\n<\/tbody>\n<\/table>\n<p><strong><span style=\"color: #000000;\"><u>Dezembro<\/u><\/span><\/strong><\/p>\n<table border=\"0\" width=\"100%\">\n<tbody>\n<tr>\n<td align=\"center\" width=\"15%\" height=\"53\"><strong><span style=\"color: #000000;\">Data<\/span><\/strong><\/td>\n<td align=\"center\" width=\"85%\" height=\"53\"><strong><span style=\"color: #000000;\">Evento Hist\u00f3rico<\/span><\/strong><\/td>\n<\/tr>\n<tr>\n<td align=\"center\" width=\"16%\"><span style=\"color: #000000;\">01\/12\/1962<\/span><\/td>\n<td width=\"84%\"><span style=\"color: #000000;\">Funda\u00e7\u00e3o da Federa\u00e7\u00e3o Esp\u00edrita do Distrito Federal<\/span><\/td>\n<\/tr>\n<tr>\n<td align=\"center\" width=\"16%\"><span style=\"color: #000000;\">02\/12\/1866<\/span><\/td>\n<td width=\"84%\"><span style=\"color: #000000;\">Nasce na Bahia, Jos\u00e9 Florentino de Sena, conhecido como Jos\u00e9 Petitinga<\/span><\/td>\n<\/tr>\n<tr>\n<td align=\"center\" width=\"16%\"><span style=\"color: #000000;\">04\/12\/1935<\/span><\/td>\n<td width=\"84%\"><span style=\"color: #000000;\">Desencarna Charles Richet<\/span><\/td>\n<\/tr>\n<tr>\n<td align=\"center\" width=\"16%\"><span style=\"color: #000000;\">10\/12\/1944<\/span><\/td>\n<td width=\"84%\"><span style=\"color: #000000;\">\u00c9 fundada a Cruzada dos Militares Esp\u00edritas<\/span><\/td>\n<\/tr>\n<tr>\n<td align=\"center\" width=\"16%\"><span style=\"color: #000000;\">10\/12\/1835<\/span><\/td>\n<td width=\"84%\"><span style=\"color: #000000;\">Nasce em Sevilha, Espanha, Am\u00e1lia Domingos Soler<\/span><\/td>\n<\/tr>\n<tr>\n<td align=\"center\" width=\"16%\"><span style=\"color: #000000;\">10\/12\/1944<\/span><\/td>\n<td width=\"84%\"><span style=\"color: #000000;\">Inaugurada a sede pr\u00f3pria da FEB, no Rio de Janeiro, por Leopoldo Cirne<\/span><\/td>\n<\/tr>\n<tr>\n<td align=\"center\" width=\"16%\"><span style=\"color: #000000;\">10\/12\/1874<\/span><\/td>\n<td width=\"84%\"><span style=\"color: #000000;\">Nasce no Cear\u00e1, em Ic\u00f3, Manuel Vianna de Carvalho<\/span><\/td>\n<\/tr>\n<tr>\n<td align=\"center\" width=\"16%\"><span style=\"color: #000000;\">11\/12\/1762<\/span><\/td>\n<td width=\"84%\"><span style=\"color: #000000;\">Nasce em salvador, BA, Joana Ang\u00e9lica (Joanna de \u00c2ngelis)<\/span><\/td>\n<\/tr>\n<tr>\n<td align=\"center\" width=\"16%\"><span style=\"color: #000000;\">15\/12\/1859<\/span><\/td>\n<td width=\"84%\"><span style=\"color: #000000;\">Nasce L\u00e1zaro Luiz Zamenhof, criador do Esperanto<\/span><\/td>\n<\/tr>\n<tr>\n<td align=\"center\" width=\"16%\"><span style=\"color: #000000;\">16\/12\/1945<\/span><\/td>\n<td width=\"84%\"><span style=\"color: #000000;\">\u00c9 fundada por J\u00e9sus Gon\u00e7alves a Sociedade de Santo Agostinho, no Hospital Col\u00f4nia para Hansenianos de Pirapitingui<\/span><\/td>\n<\/tr>\n<tr>\n<td align=\"center\" width=\"16%\"><span style=\"color: #000000;\">24\/12\/1872<\/span><\/td>\n<td width=\"84%\"><span style=\"color: #000000;\">Nasce Francisco Waldomiro Lorenz, escritor e pesquisador sobre Esperanto e Espiritismo<\/span><\/td>\n<\/tr>\n<tr>\n<td align=\"center\" width=\"16%\"><span style=\"color: #000000;\">24\/12\/1900<\/span><\/td>\n<td width=\"84%\"><span style=\"color: #000000;\">Nasce em Rio das Flores, RJ, Yvonne do Amaral Pereira<\/span><\/td>\n<\/tr>\n<tr>\n<td align=\"center\" width=\"16%\"><span style=\"color: #000000;\">31\/12\/1828<\/span><\/td>\n<td width=\"84%\"><span style=\"color: #000000;\">Professor Denizard Rivail lan\u00e7a sua obra &#8220;Plano Proposto para Melhoramento da Instru\u00e7\u00e3o P\u00fablica&#8221;<\/span><\/td>\n<\/tr>\n<\/tbody>\n<\/table>\n<\/blockquote>\n<\/td>\n<\/tr>\n<\/tbody>\n<\/table>\n<p><!--more--><\/p>\n<div class=\"pvc_clear\"><\/div>\n<p id=\"pvc_stats_12468\" class=\"pvc_stats all  \" data-element-id=\"12468\" style=\"\"><i class=\"pvc-stats-icon medium\" aria-hidden=\"true\"><svg aria-hidden=\"true\" focusable=\"false\" data-prefix=\"far\" data-icon=\"chart-bar\" role=\"img\" xmlns=\"http:\/\/www.w3.org\/2000\/svg\" viewBox=\"0 0 512 512\" class=\"svg-inline--fa fa-chart-bar fa-w-16 fa-2x\"><path fill=\"currentColor\" d=\"M396.8 352h22.4c6.4 0 12.8-6.4 12.8-12.8V108.8c0-6.4-6.4-12.8-12.8-12.8h-22.4c-6.4 0-12.8 6.4-12.8 12.8v230.4c0 6.4 6.4 12.8 12.8 12.8zm-192 0h22.4c6.4 0 12.8-6.4 12.8-12.8V140.8c0-6.4-6.4-12.8-12.8-12.8h-22.4c-6.4 0-12.8 6.4-12.8 12.8v198.4c0 6.4 6.4 12.8 12.8 12.8zm96 0h22.4c6.4 0 12.8-6.4 12.8-12.8V204.8c0-6.4-6.4-12.8-12.8-12.8h-22.4c-6.4 0-12.8 6.4-12.8 12.8v134.4c0 6.4 6.4 12.8 12.8 12.8zM496 400H48V80c0-8.84-7.16-16-16-16H16C7.16 64 0 71.16 0 80v336c0 17.67 14.33 32 32 32h464c8.84 0 16-7.16 16-16v-16c0-8.84-7.16-16-16-16zm-387.2-48h22.4c6.4 0 12.8-6.4 12.8-12.8v-70.4c0-6.4-6.4-12.8-12.8-12.8h-22.4c-6.4 0-12.8 6.4-12.8 12.8v70.4c0 6.4 6.4 12.8 12.8 12.8z\" class=\"\"><\/path><\/svg><\/i> <img decoding=\"async\" width=\"16\" height=\"16\" alt=\"Loading\" data-src=\"https:\/\/www.centronocaminhodaluz.com.br\/wp-content\/plugins\/page-views-count\/ajax-loader-2x.gif\" border=0 src=\"data:image\/svg+xml;base64,PHN2ZyB3aWR0aD0iMSIgaGVpZ2h0PSIxIiB4bWxucz0iaHR0cDovL3d3dy53My5vcmcvMjAwMC9zdmciPjwvc3ZnPg==\" class=\"lazyload\" style=\"--smush-placeholder-width: 16px; --smush-placeholder-aspect-ratio: 16\/16;\" \/><\/p>\n<div class=\"pvc_clear\"><\/div>\n","protected":false},"excerpt":{"rendered":"<p>Datas Esp\u00edritas Janeiro Data \u00a0Fato Hist\u00f3rico 01\/01\/1848 \u00c9 Fundada a Revista Esp\u00edrita por Allan Kardec 01\/01\/1846 Nasce Le\u00f3n Denis &#8211; Fil\u00f3sofo do Espiritismo 01\/01\/1875 Publicada a Primeira Folha Esp\u00edrita do Rio de Janeiro 02\/01\/1884 Eleita e empossada a primeira diretoria da FEB (Federa\u00e7\u00e3o Esp\u00edrita Brasileira) 02\/01\/1984 \u00c9 instalada em Bras\u00edlia a sede central da FEB&hellip; <br \/> <a class=\"read-more\" href=\"https:\/\/www.centronocaminhodaluz.com.br\/index.php\/datas-espiritas\/\">Leia mais<\/a><\/p>\n<div class=\"pvc_clear\"><\/div>\n<p id=\"pvc_stats_12468\" class=\"pvc_stats all  \" data-element-id=\"12468\" style=\"\"><i class=\"pvc-stats-icon medium\" aria-hidden=\"true\"><svg aria-hidden=\"true\" focusable=\"false\" data-prefix=\"far\" data-icon=\"chart-bar\" role=\"img\" xmlns=\"http:\/\/www.w3.org\/2000\/svg\" viewBox=\"0 0 512 512\" class=\"svg-inline--fa fa-chart-bar fa-w-16 fa-2x\"><path fill=\"currentColor\" d=\"M396.8 352h22.4c6.4 0 12.8-6.4 12.8-12.8V108.8c0-6.4-6.4-12.8-12.8-12.8h-22.4c-6.4 0-12.8 6.4-12.8 12.8v230.4c0 6.4 6.4 12.8 12.8 12.8zm-192 0h22.4c6.4 0 12.8-6.4 12.8-12.8V140.8c0-6.4-6.4-12.8-12.8-12.8h-22.4c-6.4 0-12.8 6.4-12.8 12.8v198.4c0 6.4 6.4 12.8 12.8 12.8zm96 0h22.4c6.4 0 12.8-6.4 12.8-12.8V204.8c0-6.4-6.4-12.8-12.8-12.8h-22.4c-6.4 0-12.8 6.4-12.8 12.8v134.4c0 6.4 6.4 12.8 12.8 12.8zM496 400H48V80c0-8.84-7.16-16-16-16H16C7.16 64 0 71.16 0 80v336c0 17.67 14.33 32 32 32h464c8.84 0 16-7.16 16-16v-16c0-8.84-7.16-16-16-16zm-387.2-48h22.4c6.4 0 12.8-6.4 12.8-12.8v-70.4c0-6.4-6.4-12.8-12.8-12.8h-22.4c-6.4 0-12.8 6.4-12.8 12.8v70.4c0 6.4 6.4 12.8 12.8 12.8z\" class=\"\"><\/path><\/svg><\/i> <img decoding=\"async\" width=\"16\" height=\"16\" alt=\"Loading\" data-src=\"https:\/\/www.centronocaminhodaluz.com.br\/wp-content\/plugins\/page-views-count\/ajax-loader-2x.gif\" border=0 src=\"data:image\/svg+xml;base64,PHN2ZyB3aWR0aD0iMSIgaGVpZ2h0PSIxIiB4bWxucz0iaHR0cDovL3d3dy53My5vcmcvMjAwMC9zdmciPjwvc3ZnPg==\" class=\"lazyload\" style=\"--smush-placeholder-width: 16px; --smush-placeholder-aspect-ratio: 16\/16;\" \/><\/p>\n<div class=\"pvc_clear\"><\/div>\n","protected":false},"author":1,"featured_media":0,"parent":0,"menu_order":0,"comment_status":"closed","ping_status":"closed","template":"","meta":{"footnotes":""},"class_list":["post-12468","page","type-page","status-publish","hentry"],"a3_pvc":{"activated":true,"total_views":62159,"today_views":2},"_links":{"self":[{"href":"https:\/\/www.centronocaminhodaluz.com.br\/index.php\/wp-json\/wp\/v2\/pages\/12468","targetHints":{"allow":["GET"]}}],"collection":[{"href":"https:\/\/www.centronocaminhodaluz.com.br\/index.php\/wp-json\/wp\/v2\/pages"}],"about":[{"href":"https:\/\/www.centronocaminhodaluz.com.br\/index.php\/wp-json\/wp\/v2\/types\/page"}],"author":[{"embeddable":true,"href":"https:\/\/www.centronocaminhodaluz.com.br\/index.php\/wp-json\/wp\/v2\/users\/1"}],"replies":[{"embeddable":true,"href":"https:\/\/www.centronocaminhodaluz.com.br\/index.php\/wp-json\/wp\/v2\/comments?post=12468"}],"version-history":[{"count":0,"href":"https:\/\/www.centronocaminhodaluz.com.br\/index.php\/wp-json\/wp\/v2\/pages\/12468\/revisions"}],"wp:attachment":[{"href":"https:\/\/www.centronocaminhodaluz.com.br\/index.php\/wp-json\/wp\/v2\/media?parent=12468"}],"curies":[{"name":"wp","href":"https:\/\/api.w.org\/{rel}","templated":true}]}}